{"id":2750,"date":"2025-01-13T11:37:06","date_gmt":"2025-01-13T11:37:06","guid":{"rendered":"https:\/\/lettra.aufzaq.at\/einfuehrung\/"},"modified":"2025-04-14T07:50:11","modified_gmt":"2025-04-14T07:50:11","slug":"einfuehrung","status":"publish","type":"page","link":"https:\/\/lettra.aufzaq.at\/de\/einfuehrung\/","title":{"rendered":"Einf\u00fchrung"},"content":{"rendered":"\t\t<div data-elementor-type=\"wp-page\" data-elementor-id=\"2750\" class=\"elementor elementor-2750 elementor-2231\">\n\t\t\t\t\t\t\t<div class=\" elementor-element elementor-element-8f03bc6 e-grid e-con-boxed e-con e-parent\" data-id=\"8f03bc6\" data-element_type=\"container\" data-e-type=\"container\">\r\n\t\t\t\t\t\t\t<div class=\"e-con-inner\">\r\n\t\t\t\t\t\t<div class=\"elementor-element elementor-element-1d60d1d elementor-widget elementor-widget-text-editor\" data-id=\"1d60d1d\" data-element_type=\"widget\" data-e-type=\"widget\" data-widget_type=\"text-editor.default\">\n\t\t\t\t<div class=\"elementor-widget-container\">\n\t\t\t\t\t\t\t\t\t<p><strong>In diesem Trainingshandbuch erkl\u00e4ren wir g\u00e4ngige Begriffe, er\u00f6rtern Qualit\u00e4tsindikatoren f\u00fcr digitale Tools und erkl\u00e4ren n\u00fctzlichen Tools sowie deren Anwendung in der Aus- und Weiterbildung von Jugendarbeiter*innen.<\/strong><\/p>\t\t\t\t\t\t\t\t<\/div>\n\t\t\t\t<\/div>\n\t\t\t\t<div class=\"elementor-element elementor-element-893d70b elementor-widget elementor-widget-text-editor\" data-id=\"893d70b\" data-element_type=\"widget\" data-e-type=\"widget\" data-widget_type=\"text-editor.default\">\n\t\t\t\t<div class=\"elementor-widget-container\">\n\t\t\t\t\t\t\t\t\t<p>Wenn der pers\u00f6nliche Kontakt mit jungen Menschen nicht oder nur eingeschr\u00e4nkt m\u00f6glich ist, stehen P\u00e4dagog*innen, Trainer*innen und Jugendarbeiter*innen vor didaktischen und organisatorischen Herausforderungen, um weiterhin Kinder und Jugendliche zu unterst\u00fctzen und mit ihnen in Verbindung zu bleiben. Die COVID-19-Pandemie, verbunden mit Schulschlie\u00dfungen, eingeschr\u00e4nkten Kontaktm\u00f6glichkeiten und Distanzunterricht, erforderte ein Umdenken im Training der Jugendarbeit. Digitale Jugendarbeit und E-Learning haben in diesem Zusammenhang zunehmend an Bedeutung gewonnen.  <\/p>\t\t\t\t\t\t\t\t<\/div>\n\t\t\t\t<\/div>\n\t\t\t\t\t\t<\/div>\r\n\t\t\t\t\r\n\t\t\t<\/div>\r\n\t\t\t\t\t\t<div class=\" elementor-element elementor-element-4a070527 e-flex e-con-boxed elementor-invisible e-con e-parent\" data-id=\"4a070527\" data-element_type=\"container\" data-e-type=\"container\" data-settings=\"{&quot;background_background&quot;:&quot;classic&quot;,&quot;animation&quot;:&quot;fadeIn&quot;}\">\r\n\t\t\t\t\t\t\t<div class=\"e-con-inner\">\r\n\t\t\t\t\t\t\t<div class=\" elementor-element elementor-element-33b7bde7 e-con-full e-flex e-con e-child\" data-id=\"33b7bde7\" data-element_type=\"container\" data-e-type=\"container\" data-settings=\"{&quot;background_background&quot;:&quot;classic&quot;}\">\r\n\t\t\t\t\t<div class=\"elementor-element elementor-element-57f0f58c elementor-widget elementor-widget-image\" data-id=\"57f0f58c\" data-element_type=\"widget\" data-e-type=\"widget\" data-widget_type=\"image.default\">\n\t\t\t\t<div class=\"elementor-widget-container\">\n\t\t\t\t\t\t\t\t\t\t\t\t\t\t\t<img fetchpriority=\"high\" decoding=\"async\" width=\"800\" height=\"138\" src=\"https:\/\/lettra.aufzaq.at\/wp-content\/uploads\/2025\/01\/quote1.png\" class=\"attachment-full size-full wp-image-2655\" alt=\"\" srcset=\"https:\/\/lettra.aufzaq.at\/wp-content\/uploads\/2025\/01\/quote1.png 800w, https:\/\/lettra.aufzaq.at\/wp-content\/uploads\/2025\/01\/quote1-768x132.png 768w\" sizes=\"(max-width: 800px) 100vw, 800px\" \/>\t\t\t\t\t\t\t\t\t\t\t\t\t\t\t<\/div>\n\t\t\t\t<\/div>\n\t\t\t\t<div class=\"elementor-element elementor-element-570217b4 elementor-widget__width-initial elementor-widget elementor-widget-testimonial\" data-id=\"570217b4\" data-element_type=\"widget\" data-e-type=\"widget\" data-widget_type=\"testimonial.default\">\n\t\t\t\t<div class=\"elementor-widget-container\">\n\t\t\t\t\t\t\t<div class=\"elementor-testimonial-wrapper\">\n\t\t\t\t\t\t\t<div class=\"elementor-testimonial-content\">\"Freiwillige und Jugendarbeiter*innen entwickelten digitale Kompetenzen, die ihnen sowohl im privaten als auch im beruflichen Leben halfen. Dar\u00fcber hinaus wurden weitere Fertigkeiten gest\u00e4rkt, die ihren Alltag erleichterten.\"* (Active Youths of Florina, Trainer) <\/div>\n\t\t\t\n\t\t\t\t\t\t<div class=\"elementor-testimonial-meta\">\n\t\t\t\t<div class=\"elementor-testimonial-meta-inner\">\n\t\t\t\t\t\n\t\t\t\t\t\t\t\t\t\t<div class=\"elementor-testimonial-details\">\n\t\t\t\t\t\t\t\t\t\t\t\t\t\t<div class=\"elementor-testimonial-name\">Trainer<\/div>\n\t\t\t\t\t\t\t\t\t\t\t\t\t\t\t\t\t\t\t\t\t\t<div class=\"elementor-testimonial-job\">Active Youths of Florina<\/div>\n\t\t\t\t\t\t\t\t\t\t\t\t\t<\/div>\n\t\t\t\t\t\t\t\t\t<\/div>\n\t\t\t<\/div>\n\t\t\t\t\t<\/div>\n\t\t\t\t\t\t<\/div>\n\t\t\t\t<\/div>\n\t\t\t\t<div class=\"elementor-element elementor-element-1569883 elementor-widget elementor-widget-image\" data-id=\"1569883\" data-element_type=\"widget\" data-e-type=\"widget\" data-widget_type=\"image.default\">\n\t\t\t\t<div class=\"elementor-widget-container\">\n\t\t\t\t\t\t\t\t\t\t\t\t\t\t\t<img decoding=\"async\" width=\"800\" height=\"127\" src=\"https:\/\/lettra.aufzaq.at\/wp-content\/uploads\/2025\/01\/quote2.png\" class=\"attachment-full size-full wp-image-2654\" alt=\"\" srcset=\"https:\/\/lettra.aufzaq.at\/wp-content\/uploads\/2025\/01\/quote2.png 800w, https:\/\/lettra.aufzaq.at\/wp-content\/uploads\/2025\/01\/quote2-768x122.png 768w\" sizes=\"(max-width: 800px) 100vw, 800px\" \/>\t\t\t\t\t\t\t\t\t\t\t\t\t\t\t<\/div>\n\t\t\t\t<\/div>\n\t\t\r\n\t\t\t<\/div>\r\n\t\t\t\t\t\t\t<\/div>\r\n\t\t\t\t\r\n\t\t\t<\/div>\r\n\t\t\t\t\t\t<div class=\" elementor-element elementor-element-313135c e-grid e-con-boxed e-con e-parent\" data-id=\"313135c\" data-element_type=\"container\" data-e-type=\"container\">\r\n\t\t\t\t\t\t\t<div class=\"e-con-inner\">\r\n\t\t\t\t\t\t<div class=\"elementor-element elementor-element-12417e1 elementor-widget elementor-widget-text-editor\" data-id=\"12417e1\" data-element_type=\"widget\" data-e-type=\"widget\" data-widget_type=\"text-editor.default\">\n\t\t\t\t<div class=\"elementor-widget-container\">\n\t\t\t\t\t\t\t\t\t<p>Die M\u00f6glichkeit der Interaktion mit und zwischen Lernenden im digitalen Raum ist einer der wesentlichen Vorteile technologiegest\u00fctzten Lernens. Dar\u00fcber hinaus k\u00f6nnen Jugendarbeiter*innen orts- und zeitunabh\u00e4ngig auf E-Learning-Angebote zugreifen und diese \u00fcber ihre mobilen Ger\u00e4te in ihren Alltag integrieren. Durch den Einsatz verschiedener Methoden und Tools lassen sich vielf\u00e4ltige Lernerfahrungen gestalten und an individuelle Lernstile und -geschwindigkeiten anpassen.  <\/p><p>Auch aus Ressourcensicht gibt es Vorteile: Physische Lernr\u00e4ume verursachen oft hohe Kosten (Miete, Heizung). Lernmaterialien m\u00fcssen gedruckt und kopiert, Lernprozesse manuell dokumentiert werden. Zudem m\u00fcssen Lernende reisen, verpflegt oder sogar untergebracht werden. Digitale Lernr\u00e4ume bieten in diesen Bereichen eine deutlich gr\u00f6\u00dfere Flexibilit\u00e4t und Einsparpotenziale.   <\/p>\t\t\t\t\t\t\t\t<\/div>\n\t\t\t\t<\/div>\n\t\t\t\t<div class=\"elementor-element elementor-element-639b3a7 elementor-widget elementor-widget-text-editor\" data-id=\"639b3a7\" data-element_type=\"widget\" data-e-type=\"widget\" data-widget_type=\"text-editor.default\">\n\t\t\t\t<div class=\"elementor-widget-container\">\n\t\t\t\t\t\t\t\t\t<p>Allerdings erfordert die Verwaltung digitaler R\u00e4ume oft mehr Personal. Neben der notwendigen Medienkompetenz aller Teilnehmenden darf der Bedarf an Infrastruktur (Server, Tablets, schnelle Internetverbindung) nicht untersch\u00e4tzt werden. Wenn E-Learning-Angebote nicht ausreichend an die Zielgruppe angepasst sind, k\u00f6nnen Lernende schnell \u00fcberfordert sein, insbesondere ohne angemessene Betreuung. Zudem setzt digitales Lernen ein hohes Ma\u00df an Selbstdisziplin voraus, da andernfalls das Risiko eines vorzeitigen Abbruchs besteht.    <span style=\"text-align: var(--text-align); background-color: var(--alpha-page-wrapper-bg-color);\">P\u00e4dagog*innen m\u00fcssen kontinuierlich motivieren, f\u00fcr Probleml\u00f6sungen zur Verf\u00fcgung stehen und in Krisensituationen eingreifen \u2013 was zus\u00e4tzlichen Personalbedarf mit sich bringt. <\/span><\/p><p>Digitale Medien sind ein integraler Bestandteil des Alltags junger Menschen sowie von Jugendarbeiter*innen. Daher kann digitale Jugendarbeit sowohl als digitaler Treffpunkt dienen als auch einen selbstbestimmten Umgang mit diesen Medien f\u00f6rdern \u2013 also die Entwicklung digitaler Kompetenzen unterst\u00fctzen. <\/p>\t\t\t\t\t\t\t\t<\/div>\n\t\t\t\t<\/div>\n\t\t\t\t\t\t<\/div>\r\n\t\t\t\t\r\n\t\t\t<\/div>\r\n\t\t\t\t\t\t<div class=\" elementor-element elementor-element-cfc60ae e-flex e-con-boxed elementor-invisible e-con e-parent\" data-id=\"cfc60ae\" data-element_type=\"container\" data-e-type=\"container\" data-settings=\"{&quot;background_background&quot;:&quot;classic&quot;,&quot;animation&quot;:&quot;fadeIn&quot;}\">\r\n\t\t\t\t\t\t\t<div class=\"e-con-inner\">\r\n\t\t\t\t\t\t\t<div class=\" elementor-element elementor-element-d8a67aa e-con-full e-flex e-con e-child\" data-id=\"d8a67aa\" data-element_type=\"container\" data-e-type=\"container\" data-settings=\"{&quot;background_background&quot;:&quot;classic&quot;}\">\r\n\t\t\t\t\t<div class=\"elementor-element elementor-element-ac7c437 elementor-widget elementor-widget-image\" data-id=\"ac7c437\" data-element_type=\"widget\" data-e-type=\"widget\" data-widget_type=\"image.default\">\n\t\t\t\t<div class=\"elementor-widget-container\">\n\t\t\t\t\t\t\t\t\t\t\t\t\t\t\t<img fetchpriority=\"high\" decoding=\"async\" width=\"800\" height=\"138\" src=\"https:\/\/lettra.aufzaq.at\/wp-content\/uploads\/2025\/01\/quote1.png\" class=\"attachment-full size-full wp-image-2655\" alt=\"\" srcset=\"https:\/\/lettra.aufzaq.at\/wp-content\/uploads\/2025\/01\/quote1.png 800w, https:\/\/lettra.aufzaq.at\/wp-content\/uploads\/2025\/01\/quote1-768x132.png 768w\" sizes=\"(max-width: 800px) 100vw, 800px\" \/>\t\t\t\t\t\t\t\t\t\t\t\t\t\t\t<\/div>\n\t\t\t\t<\/div>\n\t\t\t\t<div class=\"elementor-element elementor-element-6d894c3 elementor-widget__width-initial elementor-widget elementor-widget-testimonial\" data-id=\"6d894c3\" data-element_type=\"widget\" data-e-type=\"widget\" data-widget_type=\"testimonial.default\">\n\t\t\t\t<div class=\"elementor-widget-container\">\n\t\t\t\t\t\t\t<div class=\"elementor-testimonial-wrapper\">\n\t\t\t\t\t\t\t<div class=\"elementor-testimonial-content\">\"Als das Lernen ausschlie\u00dflich online stattfand, kam es sowohl bei Trainer*innen als auch bei Teilnehmenden zu Erm\u00fcdungserscheinungen sowie einem Einbruch an Engagement und Motivation. Als die Angebote wieder in Pr\u00e4senz stattfanden, wurden Online- und digitale Tools in den Prozess integriert, was den Lernprozess erleichterte und gleichzeitig Effektivit\u00e4t und Effizienz steigerte.\"* (Mitglied der Hellenic National Agency von Erasmus+ \/ Youth und European Solidarity Corps Pool of Trainers) <\/div>\n\t\t\t\n\t\t\t\t\t\t<div class=\"elementor-testimonial-meta\">\n\t\t\t\t<div class=\"elementor-testimonial-meta-inner\">\n\t\t\t\t\t\n\t\t\t\t\t\t\t\t\t\t<div class=\"elementor-testimonial-details\">\n\t\t\t\t\t\t\t\t\t\t\t\t\t\t<div class=\"elementor-testimonial-name\">Trainer<\/div>\n\t\t\t\t\t\t\t\t\t\t\t\t\t\t\t\t\t\t\t\t\t\t<div class=\"elementor-testimonial-job\">Hellenic National Agency von Erasmus+ \/ Youth und European Solidarity Corps Pool of Trainers<\/div>\n\t\t\t\t\t\t\t\t\t\t\t\t\t<\/div>\n\t\t\t\t\t\t\t\t\t<\/div>\n\t\t\t<\/div>\n\t\t\t\t\t<\/div>\n\t\t\t\t\t\t<\/div>\n\t\t\t\t<\/div>\n\t\t\t\t<div class=\"elementor-element elementor-element-f7af986 elementor-widget elementor-widget-image\" data-id=\"f7af986\" data-element_type=\"widget\" data-e-type=\"widget\" data-widget_type=\"image.default\">\n\t\t\t\t<div class=\"elementor-widget-container\">\n\t\t\t\t\t\t\t\t\t\t\t\t\t\t\t<img decoding=\"async\" width=\"800\" height=\"127\" src=\"https:\/\/lettra.aufzaq.at\/wp-content\/uploads\/2025\/01\/quote2.png\" class=\"attachment-full size-full wp-image-2654\" alt=\"\" srcset=\"https:\/\/lettra.aufzaq.at\/wp-content\/uploads\/2025\/01\/quote2.png 800w, https:\/\/lettra.aufzaq.at\/wp-content\/uploads\/2025\/01\/quote2-768x122.png 768w\" sizes=\"(max-width: 800px) 100vw, 800px\" \/>\t\t\t\t\t\t\t\t\t\t\t\t\t\t\t<\/div>\n\t\t\t\t<\/div>\n\t\t\r\n\t\t\t<\/div>\r\n\t\t\t\t\t\t\t<\/div>\r\n\t\t\t\t\r\n\t\t\t<\/div>\r\n\t\t\t\t\t<\/div>\n\t\t","protected":false},"excerpt":{"rendered":"<p>In diesem Trainingshandbuch erkl\u00e4ren wir g\u00e4ngige Begriffe, er\u00f6rtern Qualit\u00e4tsindikatoren f\u00fcr digitale Tools und erkl\u00e4ren n\u00fctzlichen Tools sowie deren Anwendung in der Aus- und Weiterbildung von Jugendarbeiter*innen. Wenn der pers\u00f6nliche Kontakt mit jungen Menschen nicht oder nur eingeschr\u00e4nkt m\u00f6glich ist, stehen P\u00e4dagog*innen, Trainer*innen und Jugendarbeiter*innen vor didaktischen und organisatorischen Herausforderungen, um weiterhin Kinder und Jugendliche zu [&hellip;]<\/p>\n","protected":false},"author":2,"featured_media":0,"parent":0,"menu_order":0,"comment_status":"closed","ping_status":"closed","template":"","meta":{"footnotes":""},"class_list":["post-2750","page","type-page","status-publish","hentry"],"_links":{"self":[{"href":"https:\/\/lettra.aufzaq.at\/de\/wp-json\/wp\/v2\/pages\/2750","targetHints":{"allow":["GET"]}}],"collection":[{"href":"https:\/\/lettra.aufzaq.at\/de\/wp-json\/wp\/v2\/pages"}],"about":[{"href":"https:\/\/lettra.aufzaq.at\/de\/wp-json\/wp\/v2\/types\/page"}],"author":[{"embeddable":true,"href":"https:\/\/lettra.aufzaq.at\/de\/wp-json\/wp\/v2\/users\/2"}],"replies":[{"embeddable":true,"href":"https:\/\/lettra.aufzaq.at\/de\/wp-json\/wp\/v2\/comments?post=2750"}],"version-history":[{"count":3,"href":"https:\/\/lettra.aufzaq.at\/de\/wp-json\/wp\/v2\/pages\/2750\/revisions"}],"predecessor-version":[{"id":2753,"href":"https:\/\/lettra.aufzaq.at\/de\/wp-json\/wp\/v2\/pages\/2750\/revisions\/2753"}],"wp:attachment":[{"href":"https:\/\/lettra.aufzaq.at\/de\/wp-json\/wp\/v2\/media?parent=2750"}],"curies":[{"name":"wp","href":"https:\/\/api.w.org\/{rel}","templated":true}]}}