{"id":2714,"date":"2025-01-13T11:03:33","date_gmt":"2025-01-13T11:03:33","guid":{"rendered":"https:\/\/lettra.aufzaq.at\/begriffsdefinitionen\/"},"modified":"2025-04-11T10:08:35","modified_gmt":"2025-04-11T10:08:35","slug":"begriffsdefinitionen","status":"publish","type":"page","link":"https:\/\/lettra.aufzaq.at\/de\/begriffsdefinitionen\/","title":{"rendered":"Begriffsdefinitionen"},"content":{"rendered":"\t\t<div data-elementor-type=\"wp-page\" data-elementor-id=\"2714\" class=\"elementor elementor-2714 elementor-2208\">\n\t\t\t\t\t\t\t<div class=\" elementor-element elementor-element-2b6ed2a e-grid e-con-boxed e-con e-parent\" data-id=\"2b6ed2a\" data-element_type=\"container\" data-e-type=\"container\" data-settings=\"{&quot;background_background&quot;:&quot;classic&quot;}\">\r\n\t\t\t\t\t\t\t<div class=\"e-con-inner\">\r\n\t\t\t\t\t\t<div class=\"elementor-element elementor-element-dd43c01 elementor-widget elementor-widget-text-editor\" data-id=\"dd43c01\" data-element_type=\"widget\" data-e-type=\"widget\" data-widget_type=\"text-editor.default\">\n\t\t\t\t<div class=\"elementor-widget-container\">\n\t\t\t\t\t\t\t\t\t<p>Die Digitalisierung seit den fr\u00fchen 2000er-Jahren und insbesondere die COVID-19-Pandemie haben zu einer Neudefinition und Erweiterung bestehender Lernbegriffe sowie zur Schaffung neuer Konzepte gef\u00fchrt.<\/p>\t\t\t\t\t\t\t\t<\/div>\n\t\t\t\t<\/div>\n\t\t\t\t<div class=\"elementor-element elementor-element-63383f7 elementor-widget elementor-widget-text-editor\" data-id=\"63383f7\" data-element_type=\"widget\" data-e-type=\"widget\" data-widget_type=\"text-editor.default\">\n\t\t\t\t<div class=\"elementor-widget-container\">\n\t\t\t\t\t\t\t\t\t<p>Im Bildungsbereich wurden Begriffe wie E-Learning, Blended Learning und hybrider Unterricht zentral. Das, was fr\u00fcher als <span style=\"background-color: var(--alpha-page-wrapper-bg-color); color: var(--alpha-body-color); font-family: var(--alpha-body-font-family),sans-serif; font-size: var(--alpha-body-font-size); font-weight: var(--alpha-body-font-weight); letter-spacing: var(--alpha-body-letter-spacing); text-transform: var(--alpha-body-text-transform);\">\u201etraditioneller Pr\u00e4senzunterricht\u201c bezeichnet wurde, musste neu gedacht werden, um digitale Plattformen und Online-Interaktionen zu integrieren.<\/span> <\/p>\t\t\t\t\t\t\t\t<\/div>\n\t\t\t\t<\/div>\n\t\t\t\t\t\t<\/div>\r\n\t\t\t\t\r\n\t\t\t<\/div>\r\n\t\t\t\t\t\t<div class=\" elementor-element elementor-element-25f4051 e-grid e-con-boxed e-con e-parent\" data-id=\"25f4051\" data-element_type=\"container\" data-e-type=\"container\" data-settings=\"{&quot;background_background&quot;:&quot;classic&quot;}\">\r\n\t\t\t\t\t\t\t<div class=\"e-con-inner\">\r\n\t\t\t\t\t\t\t\t<\/div>\r\n\t\t\t\t\r\n\t\t\t<\/div>\r\n\t\t\t\t\t\t<div class=\" elementor-element elementor-element-d81484a e-flex e-con-boxed e-con e-parent\" data-id=\"d81484a\" data-element_type=\"container\" data-e-type=\"container\">\r\n\t\t\t\t\t\t\t<div class=\"e-con-inner\">\r\n\t\t\t\t\t\t<div class=\"elementor-element elementor-element-33d64af elementor-invisible elementor-widget elementor-widget-heading\" data-id=\"33d64af\" data-element_type=\"widget\" data-e-type=\"widget\" data-settings=\"{&quot;_animation&quot;:&quot;zoomIn&quot;}\" data-widget_type=\"heading.default\">\n\t\t\t\t<div class=\"elementor-widget-container\">\n\t\t\t\t\t<h2 class=\"elementor-heading-title elementor-size-default\">E-LEARNING<\/h2>\t\t\t\t<\/div>\n\t\t\t\t<\/div>\n\t\t\t\t\t\t<\/div>\r\n\t\t\t\t\r\n\t\t\t<\/div>\r\n\t\t\t\t\t\t<div class=\" elementor-element elementor-element-6a51421 e-grid e-con-boxed e-con e-parent\" data-id=\"6a51421\" data-element_type=\"container\" data-e-type=\"container\" data-settings=\"{&quot;background_background&quot;:&quot;classic&quot;}\">\r\n\t\t\t\t\t\t\t<div class=\"e-con-inner\">\r\n\t\t\t\t\t\t<div class=\"elementor-element elementor-element-6ecba1f elementor-widget elementor-widget-udesign_widget_iconbox\" data-id=\"6ecba1f\" data-element_type=\"widget\" data-e-type=\"widget\" data-widget_type=\"udesign_widget_iconbox.default\">\n\t\t\t\t<div class=\"elementor-widget-container\">\n\t\t\t\t\t<div class=\"icon-box position-top icon-default\"><div class=\"icon-box-feature\"><i class=\"fas fa-laptop\"><\/i><\/div><div class=\"icon-box-content\"><p class=\"icon-box-desc\">In der aktuellen Bildungspraxis wird der Begriff E-Learning haupts\u00e4chlich f\u00fcr asynchrone Online-Lernangebote verwendet. Kurz gesagt, E-Learning ist ein Sammelbegriff f\u00fcr alle Lernformen, bei denen digitale Medien zur Pr\u00e4sentation und Verbreitung von Lernmaterialien und\/oder zur Unterst\u00fctzung der zwischenmenschlichen Kommunikation genutzt werden. W\u00e4hrend der COVID-19-Pandemie wurde oft der gleichbedeutende Begriff \u201eDistanzlernen\u201c verwendet. <\/p><\/div><\/div>\t\t\t\t<\/div>\n\t\t\t\t<\/div>\n\t\t\t\t<div class=\"elementor-element elementor-element-0fe7941 elementor-widget elementor-widget-text-editor\" data-id=\"0fe7941\" data-element_type=\"widget\" data-e-type=\"widget\" data-widget_type=\"text-editor.default\">\n\t\t\t\t<div class=\"elementor-widget-container\">\n\t\t\t\t\t\t\t\t\t<h5>Praktische Erfahrungen<\/h5><p>Es gibt bereits umfangreiche Erfahrungen mit der Vorbereitung und Umsetzung von E-Learning-Angeboten und -Formaten in der Bildungsarbeit. Die Kombination von vorbereitenden Webinaren mit Pr\u00e4senzveranstaltungen und E-Learning-Modulen hat sich als besonders effektiv erwiesen. Ziel ist es, eine zentrale Plattform bereitzustellen, auf der Teilnehmende alle relevanten Informationen zu Infrastruktur, E-Learning und benutzerfreundlichen Plattformen finden sowie Anmerkungen und Vorschl\u00e4ge einbringen k\u00f6nnen.  <\/p>\t\t\t\t\t\t\t\t<\/div>\n\t\t\t\t<\/div>\n\t\t\t\t\t\t<\/div>\r\n\t\t\t\t\r\n\t\t\t<\/div>\r\n\t\t\t\t\t\t<div class=\" elementor-element elementor-element-d56e235 e-flex e-con-boxed e-con e-parent\" data-id=\"d56e235\" data-element_type=\"container\" data-e-type=\"container\">\r\n\t\t\t\t\t\t\t<div class=\"e-con-inner\">\r\n\t\t\t\t\t\t<div class=\"elementor-element elementor-element-73575fb elementor-invisible elementor-widget elementor-widget-heading\" data-id=\"73575fb\" data-element_type=\"widget\" data-e-type=\"widget\" data-settings=\"{&quot;_animation&quot;:&quot;zoomIn&quot;}\" data-widget_type=\"heading.default\">\n\t\t\t\t<div class=\"elementor-widget-container\">\n\t\t\t\t\t<h2 class=\"elementor-heading-title elementor-size-default\">HYBRIDES LERNEN<\/h2>\t\t\t\t<\/div>\n\t\t\t\t<\/div>\n\t\t\t\t\t\t<\/div>\r\n\t\t\t\t\r\n\t\t\t<\/div>\r\n\t\t\t\t\t\t<div class=\" elementor-element elementor-element-0cf2d21 e-grid e-con-boxed e-con e-parent\" data-id=\"0cf2d21\" data-element_type=\"container\" data-e-type=\"container\" data-settings=\"{&quot;background_background&quot;:&quot;classic&quot;}\">\r\n\t\t\t\t\t\t\t<div class=\"e-con-inner\">\r\n\t\t\t\t\t\t<div class=\"elementor-element elementor-element-3a71e79 elementor-widget elementor-widget-udesign_widget_iconbox\" data-id=\"3a71e79\" data-element_type=\"widget\" data-e-type=\"widget\" data-widget_type=\"udesign_widget_iconbox.default\">\n\t\t\t\t<div class=\"elementor-widget-container\">\n\t\t\t\t\t<div class=\"icon-box position-top icon-default\"><div class=\"icon-box-feature\"><i class=\"fas fa-laptop-house\"><\/i><\/div><div class=\"icon-box-content\"><p class=\"icon-box-desc\">In aktuellen Publikationen und der Bildungspraxis beschreibt der Begriff \u201ehybrid\u201c Bildungsangebote bei denen sowohl Pr\u00e4senz- als auch Online-Teilnehmende gleichzeitig eingebunden sind. Das bedeutet, dass einige Lernende digital teilnehmen, w\u00e4hrend andere vor Ort anwesend sind. Echte \u201ehybride Veranstaltungen\u201c zeichnen sich durch eine gewisse Interaktivit\u00e4t aus und unterscheiden sich somit von reinen Online-Livestreams. Beispielsweise k\u00f6nnte eine Vorlesung online \u00fcbertragen werden, wobei virtuelle Teilnehmende \u00fcber den Chat an Diskussionen teilnehmen k\u00f6nnen.   <\/p><\/div><\/div>\t\t\t\t<\/div>\n\t\t\t\t<\/div>\n\t\t\t\t<div class=\"elementor-element elementor-element-89f5f77 elementor-widget elementor-widget-text-editor\" data-id=\"89f5f77\" data-element_type=\"widget\" data-e-type=\"widget\" data-widget_type=\"text-editor.default\">\n\t\t\t\t<div class=\"elementor-widget-container\">\n\t\t\t\t\t\t\t\t\t<h5>Praktische Erfahrungen<\/h5><p>Erfahrungen von Kursanbietern zeigen, dass hybride Lernformate sowohl in didaktischer Hinsicht als auch in der Kommunikation mit den Teilnehmenden herausfordernd sind. Sie erfordern mehr Zeit f\u00fcr die Vorbereitung und Umsetzung als reine Online- oder Pr\u00e4senzformate. Der erforderliche Aufwand und die notwendigen Ressourcen (finanziell, technisch und personell) sind im Bildungsbereich oft unzureichend. Bildungseinrichtungen suchen daher vielfach nach robusteren und benutzerfreundlicheren Plattformen und Tools zur Unterst\u00fctzung hybrider Lernumgebungen.   <\/p>\t\t\t\t\t\t\t\t<\/div>\n\t\t\t\t<\/div>\n\t\t\t\t\t\t<\/div>\r\n\t\t\t\t\r\n\t\t\t<\/div>\r\n\t\t\t\t\t\t<div class=\" elementor-element elementor-element-2079b1b e-flex e-con-boxed e-con e-parent\" data-id=\"2079b1b\" data-element_type=\"container\" data-e-type=\"container\">\r\n\t\t\t\t\t\t\t<div class=\"e-con-inner\">\r\n\t\t\t\t\t\t<div class=\"elementor-element elementor-element-34b4932 elementor-invisible elementor-widget elementor-widget-heading\" data-id=\"34b4932\" data-element_type=\"widget\" data-e-type=\"widget\" data-settings=\"{&quot;_animation&quot;:&quot;zoomIn&quot;}\" data-widget_type=\"heading.default\">\n\t\t\t\t<div class=\"elementor-widget-container\">\n\t\t\t\t\t<h2 class=\"elementor-heading-title elementor-size-default\">BLENDED LEARNING<\/h2>\t\t\t\t<\/div>\n\t\t\t\t<\/div>\n\t\t\t\t\t\t<\/div>\r\n\t\t\t\t\r\n\t\t\t<\/div>\r\n\t\t\t\t\t\t<div class=\" elementor-element elementor-element-d1c3c50 e-grid e-con-boxed e-con e-parent\" data-id=\"d1c3c50\" data-element_type=\"container\" data-e-type=\"container\" data-settings=\"{&quot;background_background&quot;:&quot;classic&quot;}\">\r\n\t\t\t\t\t\t\t<div class=\"e-con-inner\">\r\n\t\t\t\t\t\t<div class=\"elementor-element elementor-element-8020a86 elementor-widget elementor-widget-udesign_widget_iconbox\" data-id=\"8020a86\" data-element_type=\"widget\" data-e-type=\"widget\" data-widget_type=\"udesign_widget_iconbox.default\">\n\t\t\t\t<div class=\"elementor-widget-container\">\n\t\t\t\t\t<div class=\"icon-box position-top icon-default\"><div class=\"icon-box-feature\"><i class=\"fas fa-laptop-house\"><\/i><\/div><div class=\"icon-box-content\"><p class=\"icon-box-desc\">Der Begriff \u201eBlended Learning\u201c bezeichnet eine Kombination oder Abfolge von E-Learning-Einheiten und Pr\u00e4senzveranstaltungen. Die einzelnen Phasen des Pr\u00e4senzunterrichts und des Online-Lernens k\u00f6nnen unterschiedliche Formate annehmen. Jede Phase baut auf der n\u00e4chsten auf und bringt einen Gesamtmehrwert mit sich. Beispielsweise k\u00f6nnten Diskussionsfragen vorab auf einer E-Learning-Plattform bereitgestellt werden, sodass Lernende recherchieren und reflektieren k\u00f6nnen. Dadurch kann die Pr\u00e4senzzeit wesentlich effizienter genutzt werden.    <\/p><\/div><\/div>\t\t\t\t<\/div>\n\t\t\t\t<\/div>\n\t\t\t\t<div class=\"elementor-element elementor-element-f793b74 elementor-widget elementor-widget-text-editor\" data-id=\"f793b74\" data-element_type=\"widget\" data-e-type=\"widget\" data-widget_type=\"text-editor.default\">\n\t\t\t\t<div class=\"elementor-widget-container\">\n\t\t\t\t\t\t\t\t\t<h5>Praktische Erfahrungen<\/h5><p>Die Bildungsarbeit zeigt, dass Blended Learning oft hochwirksam ist und die Zeit effizienter genutzt wird. Bewertungen wie Hausaufgabenabgaben und Benotungen funktionieren online deutlich besser. Zentrale Vorteile sind erh\u00f6hte Transparenz, Verf\u00fcgbarkeit, Kontrolle, didaktische Vorteile, bessere Lernunterst\u00fctzung, Nachhaltigkeit (z. B. weniger Reiseaufwand), Flexibilit\u00e4t und eine h\u00f6here Motivation durch den Einsatz digitaler Tools. Auch Feedback- und Evaluationsprozesse werden verbessert.   <\/p><p>Vollst\u00e4ndig digitale Formate sind erfolgreich, und \u00dcberg\u00e4nge zwischen Online- und Pr\u00e4senzphasen im Blended Learning verlaufen h\u00e4ufig reibungslos..<\/p>\t\t\t\t\t\t\t\t<\/div>\n\t\t\t\t<\/div>\n\t\t\t\t\t\t<\/div>\r\n\t\t\t\t\r\n\t\t\t<\/div>\r\n\t\t\t\t\t\t<div class=\" elementor-element elementor-element-a56d72b e-flex e-con-boxed e-con e-parent\" data-id=\"a56d72b\" data-element_type=\"container\" data-e-type=\"container\">\r\n\t\t\t\t\t\t\t<div class=\"e-con-inner\">\r\n\t\t\t\t\t\t<div class=\"elementor-element elementor-element-2ffe852 elementor-widget elementor-widget-image\" data-id=\"2ffe852\" data-element_type=\"widget\" data-e-type=\"widget\" data-widget_type=\"image.default\">\n\t\t\t\t<div class=\"elementor-widget-container\">\n\t\t\t\t\t\t\t\t\t\t\t\t\t\t\t<img fetchpriority=\"high\" decoding=\"async\" width=\"780\" height=\"588\" src=\"https:\/\/lettra.aufzaq.at\/wp-content\/uploads\/2025\/01\/lettra_grafik1-780x588.png\" class=\"attachment-alpha-thumb-custom-3 size-alpha-thumb-custom-3 wp-image-2653\" alt=\"\" \/>\t\t\t\t\t\t\t\t\t\t\t\t\t\t\t<\/div>\n\t\t\t\t<\/div>\n\t\t\t\t\t\t<\/div>\r\n\t\t\t\t\r\n\t\t\t<\/div>\r\n\t\t\t\t\t<\/div>\n\t\t","protected":false},"excerpt":{"rendered":"<p>Die Digitalisierung seit den fr\u00fchen 2000er-Jahren und insbesondere die COVID-19-Pandemie haben zu einer Neudefinition und Erweiterung bestehender Lernbegriffe sowie zur Schaffung neuer Konzepte gef\u00fchrt. Im Bildungsbereich wurden Begriffe wie E-Learning, Blended Learning und hybrider Unterricht zentral. Das, was fr\u00fcher als \u201etraditioneller Pr\u00e4senzunterricht\u201c bezeichnet wurde, musste neu gedacht werden, um digitale Plattformen und Online-Interaktionen zu integrieren. [&hellip;]<\/p>\n","protected":false},"author":2,"featured_media":0,"parent":0,"menu_order":0,"comment_status":"closed","ping_status":"closed","template":"","meta":{"footnotes":""},"class_list":["post-2714","page","type-page","status-publish","hentry"],"_links":{"self":[{"href":"https:\/\/lettra.aufzaq.at\/de\/wp-json\/wp\/v2\/pages\/2714","targetHints":{"allow":["GET"]}}],"collection":[{"href":"https:\/\/lettra.aufzaq.at\/de\/wp-json\/wp\/v2\/pages"}],"about":[{"href":"https:\/\/lettra.aufzaq.at\/de\/wp-json\/wp\/v2\/types\/page"}],"author":[{"embeddable":true,"href":"https:\/\/lettra.aufzaq.at\/de\/wp-json\/wp\/v2\/users\/2"}],"replies":[{"embeddable":true,"href":"https:\/\/lettra.aufzaq.at\/de\/wp-json\/wp\/v2\/comments?post=2714"}],"version-history":[{"count":1,"href":"https:\/\/lettra.aufzaq.at\/de\/wp-json\/wp\/v2\/pages\/2714\/revisions"}],"predecessor-version":[{"id":2715,"href":"https:\/\/lettra.aufzaq.at\/de\/wp-json\/wp\/v2\/pages\/2714\/revisions\/2715"}],"wp:attachment":[{"href":"https:\/\/lettra.aufzaq.at\/de\/wp-json\/wp\/v2\/media?parent=2714"}],"curies":[{"name":"wp","href":"https:\/\/api.w.org\/{rel}","templated":true}]}}