{"id":2699,"date":"2025-01-13T14:12:47","date_gmt":"2025-01-13T14:12:47","guid":{"rendered":"https:\/\/lettra.aufzaq.at\/das-projekt\/"},"modified":"2025-04-11T09:17:22","modified_gmt":"2025-04-11T09:17:22","slug":"das-projekt","status":"publish","type":"page","link":"https:\/\/lettra.aufzaq.at\/de\/das-projekt\/","title":{"rendered":"Das Projekt"},"content":{"rendered":"\t\t<div data-elementor-type=\"wp-page\" data-elementor-id=\"2699\" class=\"elementor elementor-2699 elementor-2270\">\n\t\t\t\t\t\t\t<div class=\" elementor-element elementor-element-7c2f5f3 e-grid e-con-boxed e-con e-parent\" data-id=\"7c2f5f3\" data-element_type=\"container\" data-e-type=\"container\">\r\n\t\t\t\t\t\t\t<div class=\"e-con-inner\">\r\n\t\t\t\t\t\t<div class=\"elementor-element elementor-element-b5edcec elementor-widget elementor-widget-text-editor\" data-id=\"b5edcec\" data-element_type=\"widget\" data-e-type=\"widget\" data-widget_type=\"text-editor.default\">\n\t\t\t\t<div class=\"elementor-widget-container\">\n\t\t\t\t\t\t\t\t\t<p>Das Erasmus+-Projekt LETTra hat das Ziel, die digital unterst\u00fctzte Bildung f\u00fcr Jugendarbeiter*innen und Trainer*innen in der Jugendarbeit zu st\u00e4rken \u2013 einschlie\u00dflich Online-Aktivit\u00e4ten, Blended-Learning-Formate und hybride Lernszenarien in der Aus- und Weiterbildung der Jugendarbeit. Wir (\u00d6sterreichische Kinder- und Jugendvertretung \/ Austrian National Youth Council \u2013 aufZAQ und Panellinio Somateio Symvoulon Neon \/ Hellenic Youth Workers Association) haben bew\u00e4hrte Bildungspraktiken aus f\u00fcnf Organisationen der Jugendarbeit in \u00d6sterreich und Griechenland gesammelt, die bereits mit digitalen Lernwerkzeugen arbeiten.<\/p>\t\t\t\t\t\t\t\t<\/div>\n\t\t\t\t<\/div>\n\t\t\t\t<div class=\"elementor-element elementor-element-5ea3dea elementor-widget elementor-widget-image\" data-id=\"5ea3dea\" data-element_type=\"widget\" data-e-type=\"widget\" data-widget_type=\"image.default\">\n\t\t\t\t<div class=\"elementor-widget-container\">\n\t\t\t\t\t\t\t\t\t\t\t\t\t\t\t<img fetchpriority=\"high\" decoding=\"async\" width=\"800\" height=\"671\" src=\"https:\/\/lettra.aufzaq.at\/wp-content\/uploads\/2025\/01\/figuren1.png\" class=\"attachment-large size-large wp-image-2659\" alt=\"\" srcset=\"https:\/\/lettra.aufzaq.at\/wp-content\/uploads\/2025\/01\/figuren1.png 800w, https:\/\/lettra.aufzaq.at\/wp-content\/uploads\/2025\/01\/figuren1-768x644.png 768w\" sizes=\"(max-width: 800px) 100vw, 800px\" \/>\t\t\t\t\t\t\t\t\t\t\t\t\t\t\t<\/div>\n\t\t\t\t<\/div>\n\t\t\t\t<div class=\"elementor-element elementor-element-b1ebab9 elementor-widget elementor-widget-text-editor\" data-id=\"b1ebab9\" data-element_type=\"widget\" data-e-type=\"widget\" data-widget_type=\"text-editor.default\">\n\t\t\t\t<div class=\"elementor-widget-container\">\n\t\t\t\t\t\t\t\t\t<p>Das gesammelte Material wurde analysiert, um Best Practices zu ermitteln. Basierend auf diesen Erkenntnissen wurde dieses Handbuch entwickelt und in einem Pilotworkshop mit Trainer*innen, P\u00e4dagog*innen und Jugendarbeiter*innen in beiden L\u00e4ndern getestet. Die entstandenen Kursmaterialien stehen anderen Ausbilder*innen der Jugendarbeit in verschiedenen digitalen R\u00e4umen (Website, digitale Kurse etc.) zur Verf\u00fcgung.<\/p>\t\t\t\t\t\t\t\t<\/div>\n\t\t\t\t<\/div>\n\t\t\t\t<div class=\"elementor-element elementor-element-8b6ebb6 elementor-widget elementor-widget-spacer\" data-id=\"8b6ebb6\" data-element_type=\"widget\" data-e-type=\"widget\" data-widget_type=\"spacer.default\">\n\t\t\t\t<div class=\"elementor-widget-container\">\n\t\t\t\t\t\t\t<div class=\"elementor-spacer\">\n\t\t\t<div class=\"elementor-spacer-inner\"><\/div>\n\t\t<\/div>\n\t\t\t\t\t\t<\/div>\n\t\t\t\t<\/div>\n\t\t\t\t<div class=\"elementor-element elementor-element-dfe1cf8 elementor-widget elementor-widget-text-editor\" data-id=\"dfe1cf8\" data-element_type=\"widget\" data-e-type=\"widget\" data-widget_type=\"text-editor.default\">\n\t\t\t\t<div class=\"elementor-widget-container\">\n\t\t\t\t\t\t\t\t\t<p>Die Projektergebnisse umfassen Wissen und Erfahrungen aus unterschiedlichen Bereichen der Jugendarbeit sowie aus der Aus- und Weiterbildung der Jugendarbeit. Ziel ist es nicht nur, die Qualit\u00e4t der Jugendarbeit durch verbesserte Ausbildungsangebote zu steigern, sondern auch innovative Lernformate in die Ausbildungsprogramme der Organisationen zu integrieren.<\/p>\t\t\t\t\t\t\t\t<\/div>\n\t\t\t\t<\/div>\n\t\t\t\t<div class=\"elementor-element elementor-element-c47666c elementor-widget elementor-widget-image\" data-id=\"c47666c\" data-element_type=\"widget\" data-e-type=\"widget\" data-widget_type=\"image.default\">\n\t\t\t\t<div class=\"elementor-widget-container\">\n\t\t\t\t\t\t\t\t\t\t\t\t\t\t\t<img decoding=\"async\" width=\"800\" height=\"241\" src=\"https:\/\/lettra.aufzaq.at\/wp-content\/uploads\/2025\/01\/funded_schwarz.png\" class=\"attachment-full size-full wp-image-2660\" alt=\"\" srcset=\"https:\/\/lettra.aufzaq.at\/wp-content\/uploads\/2025\/01\/funded_schwarz.png 800w, https:\/\/lettra.aufzaq.at\/wp-content\/uploads\/2025\/01\/funded_schwarz-768x231.png 768w\" sizes=\"(max-width: 800px) 100vw, 800px\" \/>\t\t\t\t\t\t\t\t\t\t\t\t\t\t\t<\/div>\n\t\t\t\t<\/div>\n\t\t\t\t\t\t<\/div>\r\n\t\t\t\t\r\n\t\t\t<\/div>\r\n\t\t\t\t\t<\/div>\n\t\t","protected":false},"excerpt":{"rendered":"<p>Das Erasmus+-Projekt LETTra hat das Ziel, die digital unterst\u00fctzte Bildung f\u00fcr Jugendarbeiter*innen und Trainer*innen in der Jugendarbeit zu st\u00e4rken \u2013 einschlie\u00dflich Online-Aktivit\u00e4ten, Blended-Learning-Formate und hybride Lernszenarien in der Aus- und Weiterbildung der Jugendarbeit. Wir (\u00d6sterreichische Kinder- und Jugendvertretung \/ Austrian National Youth Council \u2013 aufZAQ und Panellinio Somateio Symvoulon Neon \/ Hellenic Youth Workers Association) [&hellip;]<\/p>\n","protected":false},"author":2,"featured_media":0,"parent":0,"menu_order":0,"comment_status":"closed","ping_status":"closed","template":"","meta":{"footnotes":""},"class_list":["post-2699","page","type-page","status-publish","hentry"],"_links":{"self":[{"href":"https:\/\/lettra.aufzaq.at\/de\/wp-json\/wp\/v2\/pages\/2699","targetHints":{"allow":["GET"]}}],"collection":[{"href":"https:\/\/lettra.aufzaq.at\/de\/wp-json\/wp\/v2\/pages"}],"about":[{"href":"https:\/\/lettra.aufzaq.at\/de\/wp-json\/wp\/v2\/types\/page"}],"author":[{"embeddable":true,"href":"https:\/\/lettra.aufzaq.at\/de\/wp-json\/wp\/v2\/users\/2"}],"replies":[{"embeddable":true,"href":"https:\/\/lettra.aufzaq.at\/de\/wp-json\/wp\/v2\/comments?post=2699"}],"version-history":[{"count":1,"href":"https:\/\/lettra.aufzaq.at\/de\/wp-json\/wp\/v2\/pages\/2699\/revisions"}],"predecessor-version":[{"id":2700,"href":"https:\/\/lettra.aufzaq.at\/de\/wp-json\/wp\/v2\/pages\/2699\/revisions\/2700"}],"wp:attachment":[{"href":"https:\/\/lettra.aufzaq.at\/de\/wp-json\/wp\/v2\/media?parent=2699"}],"curies":[{"name":"wp","href":"https:\/\/api.w.org\/{rel}","templated":true}]}}